{"id":364,"date":"2024-03-28T19:21:04","date_gmt":"2024-03-28T18:21:04","guid":{"rendered":"https:\/\/heimat-kyffhaeuserkreis.de\/?page_id=364"},"modified":"2024-05-19T23:51:22","modified_gmt":"2024-05-19T22:51:22","slug":"unsere-kandidaten-zur-stadtratswahl-in-ebeleben","status":"publish","type":"page","link":"https:\/\/heimat-kyffhaeuserkreis.de\/index.php\/unsere-kandidaten-zur-stadtratswahl-in-ebeleben\/","title":{"rendered":"Unsere Kandidaten zur Stadtratswahl in Ebeleben"},"content":{"rendered":"<p><div class=\"fusion-fullwidth fullwidth-box fusion-builder-row-1 fusion-flex-container has-pattern-background has-mask-background nonhundred-percent-fullwidth non-hundred-percent-height-scrolling\" style=\"--awb-border-radius-top-left:0px;--awb-border-radius-top-right:0px;--awb-border-radius-bottom-right:0px;--awb-border-radius-bottom-left:0px;--awb-flex-wrap:wrap;\" ><div class=\"fusion-builder-row fusion-row fusion-flex-align-items-flex-start fusion-flex-content-wrap\" style=\"max-width:1248px;margin-left: calc(-4% \/ 2 );margin-right: calc(-4% \/ 2 );\"><div class=\"fusion-layout-column fusion_builder_column fusion-builder-column-0 fusion_builder_column_1_3 1_3 fusion-flex-column\" style=\"--awb-bg-size:cover;--awb-width-large:33.333333333333%;--awb-margin-top-large:0px;--awb-spacing-right-large:5.76%;--awb-margin-bottom-large:20px;--awb-spacing-left-large:5.76%;--awb-width-medium:33.333333333333%;--awb-order-medium:0;--awb-spacing-right-medium:5.76%;--awb-spacing-left-medium:5.76%;--awb-width-small:100%;--awb-order-small:0;--awb-spacing-right-small:1.92%;--awb-spacing-left-small:1.92%;\"><div class=\"fusion-column-wrapper fusion-column-has-shadow fusion-flex-justify-content-flex-start fusion-content-layout-column\"><div class=\"fusion-image-element \" style=\"--awb-mask-url: url(https:\/\/heimat-kyffhaeuserkreis.de\/wp-content\/plugins\/fusion-builder\/\/assets\/images\/masks\/mask-17.svg);--awb-margin-right:15%;--awb-margin-left:15%;--awb-caption-title-font-family:var(--h2_typography-font-family);--awb-caption-title-font-weight:var(--h2_typography-font-weight);--awb-caption-title-font-style:var(--h2_typography-font-style);--awb-caption-title-size:var(--h2_typography-font-size);--awb-caption-title-transform:var(--h2_typography-text-transform);--awb-caption-title-line-height:var(--h2_typography-line-height);--awb-caption-title-letter-spacing:var(--h2_typography-letter-spacing);\"><span class=\" fusion-imageframe imageframe-none imageframe-1 hover-type-zoomin has-mask\"><img decoding=\"async\" width=\"400\" height=\"344\" title=\"hentschel-400&#215;344\" src=\"https:\/\/heimat-kyffhaeuserkreis.de\/wp-content\/uploads\/2024\/03\/hentschel-400x344-1.jpg\" alt class=\"img-responsive wp-image-305\" srcset=\"https:\/\/heimat-kyffhaeuserkreis.de\/wp-content\/uploads\/2024\/03\/hentschel-400x344-1-200x172.jpg 200w, https:\/\/heimat-kyffhaeuserkreis.de\/wp-content\/uploads\/2024\/03\/hentschel-400x344-1.jpg 400w\" sizes=\"(max-width: 640px) 100vw, 400px\" \/><\/span><\/div><\/div><\/div><div class=\"fusion-layout-column fusion_builder_column fusion-builder-column-1 fusion_builder_column_2_3 2_3 fusion-flex-column\" style=\"--awb-bg-size:cover;--awb-width-large:66.666666666667%;--awb-margin-top-large:0px;--awb-spacing-right-large:2.88%;--awb-margin-bottom-large:20px;--awb-spacing-left-large:2.88%;--awb-width-medium:66.666666666667%;--awb-order-medium:0;--awb-spacing-right-medium:2.88%;--awb-spacing-left-medium:2.88%;--awb-width-small:100%;--awb-order-small:0;--awb-spacing-right-small:1.92%;--awb-spacing-left-small:1.92%;\"><div class=\"fusion-column-wrapper fusion-column-has-shadow fusion-flex-justify-content-flex-start fusion-content-layout-column\"><div class=\"fusion-title title fusion-title-1 fusion-title-text fusion-title-size-one\"><div class=\"title-sep-container title-sep-container-left fusion-no-large-visibility fusion-no-medium-visibility fusion-no-small-visibility\"><div class=\"title-sep sep-double sep-solid\" style=\"border-color:#e2e2e2;\"><\/div><\/div><span class=\"awb-title-spacer fusion-no-large-visibility fusion-no-medium-visibility fusion-no-small-visibility\"><\/span><h1 class=\"fusion-title-heading title-heading-left\" style=\"margin:0;\">Listenplatz 1: MARKUS HENTSCHEL<\/h1><span class=\"awb-title-spacer\"><\/span><div class=\"title-sep-container title-sep-container-right\"><div class=\"title-sep sep-double sep-solid\" style=\"border-color:#e2e2e2;\"><\/div><\/div><\/div><div class=\"fusion-text fusion-text-1\"><p>Angestellter | Jahrgang 1983<\/p>\n<p>Den Familienvater Markus Hentschel liegt seine Heimat Ebeleben sehr am Herzen. Er sitzt bereits seit 2014 im Stadtrat von Ebeleben, f\u00fcr den er erneut kandidiert und tritt auch auf Listenplatz 7 f\u00fcr den Kreistag des Kyffh\u00e4userkreises an, um dort seine Heimatregion zu st\u00e4rken.<\/p>\n<p>In der Kommunalpolitik m\u00f6chte Hentschel sich daf\u00fcr einsetzen, da\u00df der Anteil der Ausl\u00e4nderquote auf unter 2 Prozent gehalten wird und die Anzahl ausl\u00e4ndischer Imbisse und Gastst\u00e4tten nicht weiterhin \u00dcberhand annimmt. \u201cVielfalt Ja, \u00dcberma\u00df Nein!\u201d ist hierbei sein Motto. Au\u00dferdem m\u00f6chte er sich f\u00fcr den Erhalt der regionalen Identit\u00e4t einsetzen! Er meinst, dass in Ebeleben viel mehr Potential steckt, als es in der Vergangenheit entfalten konnte. Dieses muss langfristig viel mehr ausgesch\u00f6pft werden. Hentschel m\u00f6chte seine Heimat aktiv und zukunftssicher gestalten und nicht nur verwalten.<\/p>\n<\/div><\/div><\/div><\/div><\/div><div class=\"fusion-fullwidth fullwidth-box fusion-builder-row-2 fusion-flex-container has-pattern-background has-mask-background nonhundred-percent-fullwidth non-hundred-percent-height-scrolling\" style=\"--awb-border-radius-top-left:0px;--awb-border-radius-top-right:0px;--awb-border-radius-bottom-right:0px;--awb-border-radius-bottom-left:0px;--awb-flex-wrap:wrap;\" ><div class=\"fusion-builder-row fusion-row fusion-flex-align-items-flex-start fusion-flex-content-wrap\" style=\"max-width:1248px;margin-left: calc(-4% \/ 2 );margin-right: calc(-4% \/ 2 );\"><div class=\"fusion-layout-column fusion_builder_column fusion-builder-column-2 fusion_builder_column_1_3 1_3 fusion-flex-column\" style=\"--awb-bg-size:cover;--awb-width-large:33.333333333333%;--awb-margin-top-large:0px;--awb-spacing-right-large:5.76%;--awb-margin-bottom-large:20px;--awb-spacing-left-large:5.76%;--awb-width-medium:33.333333333333%;--awb-order-medium:0;--awb-spacing-right-medium:5.76%;--awb-spacing-left-medium:5.76%;--awb-width-small:100%;--awb-order-small:0;--awb-spacing-right-small:1.92%;--awb-spacing-left-small:1.92%;\"><div class=\"fusion-column-wrapper fusion-column-has-shadow fusion-flex-justify-content-flex-start fusion-content-layout-column\"><div class=\"fusion-image-element \" style=\"--awb-mask-url: url(https:\/\/heimat-kyffhaeuserkreis.de\/wp-content\/plugins\/fusion-builder\/\/assets\/images\/masks\/mask-17.svg);--awb-margin-right:15%;--awb-margin-left:15%;--awb-caption-title-font-family:var(--h2_typography-font-family);--awb-caption-title-font-weight:var(--h2_typography-font-weight);--awb-caption-title-font-style:var(--h2_typography-font-style);--awb-caption-title-size:var(--h2_typography-font-size);--awb-caption-title-transform:var(--h2_typography-text-transform);--awb-caption-title-line-height:var(--h2_typography-line-height);--awb-caption-title-letter-spacing:var(--h2_typography-letter-spacing);\"><span class=\" fusion-imageframe imageframe-none imageframe-2 hover-type-zoomin has-mask\"><img decoding=\"async\" width=\"400\" height=\"344\" title=\"Vetter-400&#215;344\" src=\"https:\/\/heimat-kyffhaeuserkreis.de\/wp-content\/uploads\/2024\/03\/Vetter-400x344-1.jpg\" alt class=\"img-responsive wp-image-368\" srcset=\"https:\/\/heimat-kyffhaeuserkreis.de\/wp-content\/uploads\/2024\/03\/Vetter-400x344-1-200x172.jpg 200w, https:\/\/heimat-kyffhaeuserkreis.de\/wp-content\/uploads\/2024\/03\/Vetter-400x344-1.jpg 400w\" sizes=\"(max-width: 640px) 100vw, 400px\" \/><\/span><\/div><\/div><\/div><div class=\"fusion-layout-column fusion_builder_column fusion-builder-column-3 fusion_builder_column_2_3 2_3 fusion-flex-column\" style=\"--awb-bg-size:cover;--awb-width-large:66.666666666667%;--awb-margin-top-large:0px;--awb-spacing-right-large:2.88%;--awb-margin-bottom-large:20px;--awb-spacing-left-large:2.88%;--awb-width-medium:66.666666666667%;--awb-order-medium:0;--awb-spacing-right-medium:2.88%;--awb-spacing-left-medium:2.88%;--awb-width-small:100%;--awb-order-small:0;--awb-spacing-right-small:1.92%;--awb-spacing-left-small:1.92%;\"><div class=\"fusion-column-wrapper fusion-column-has-shadow fusion-flex-justify-content-flex-start fusion-content-layout-column\"><div class=\"fusion-title title fusion-title-2 fusion-title-text fusion-title-size-one\"><div class=\"title-sep-container title-sep-container-left fusion-no-large-visibility fusion-no-medium-visibility fusion-no-small-visibility\"><div class=\"title-sep sep-double sep-solid\" style=\"border-color:#e2e2e2;\"><\/div><\/div><span class=\"awb-title-spacer fusion-no-large-visibility fusion-no-medium-visibility fusion-no-small-visibility\"><\/span><h1 class=\"fusion-title-heading title-heading-left\" style=\"margin:0;\">Listenplatz 2: FALCO VETTER<\/h1><span class=\"awb-title-spacer\"><\/span><div class=\"title-sep-container title-sep-container-right\"><div class=\"title-sep sep-double sep-solid\" style=\"border-color:#e2e2e2;\"><\/div><\/div><\/div><div class=\"fusion-text fusion-text-2\"><p>Fachlagerist | Jahrgang 1982<\/p>\n<p>Falco Vetter stammt aus Hohenebra und ist vor vielen Jahren mit seiner Familie in Ebeleben sesshaft geworden &#8211; Die Stadt ist zu seiner geliebten Heimat geworden.<\/p>\n<p>Er m\u00f6chte, dass sich die Stadt weiterentwickelt und setzt seine Schwerpunkte in der Jugend- und Familienpolitik. Er ist sich sicher, nur wenn sich Familien, Kinder und Jugendliche in Ebeleben wohl f\u00fchlen und eine perspektive sehen, kann sich die Stadt zukunftssicher weiterentwickeln.<\/p>\n<\/div><\/div><\/div><\/div><\/div><div class=\"fusion-fullwidth fullwidth-box fusion-builder-row-3 fusion-flex-container has-pattern-background has-mask-background nonhundred-percent-fullwidth non-hundred-percent-height-scrolling\" style=\"--awb-border-radius-top-left:0px;--awb-border-radius-top-right:0px;--awb-border-radius-bottom-right:0px;--awb-border-radius-bottom-left:0px;--awb-flex-wrap:wrap;\" ><div class=\"fusion-builder-row fusion-row fusion-flex-align-items-flex-start fusion-flex-content-wrap\" style=\"max-width:1248px;margin-left: calc(-4% \/ 2 );margin-right: calc(-4% \/ 2 );\"><div class=\"fusion-layout-column fusion_builder_column fusion-builder-column-4 fusion_builder_column_1_3 1_3 fusion-flex-column\" style=\"--awb-bg-size:cover;--awb-width-large:33.333333333333%;--awb-margin-top-large:0px;--awb-spacing-right-large:5.76%;--awb-margin-bottom-large:20px;--awb-spacing-left-large:5.76%;--awb-width-medium:33.333333333333%;--awb-order-medium:0;--awb-spacing-right-medium:5.76%;--awb-spacing-left-medium:5.76%;--awb-width-small:100%;--awb-order-small:0;--awb-spacing-right-small:1.92%;--awb-spacing-left-small:1.92%;\"><div class=\"fusion-column-wrapper fusion-column-has-shadow fusion-flex-justify-content-flex-start fusion-content-layout-column\"><div class=\"fusion-image-element \" style=\"--awb-mask-url: url(https:\/\/heimat-kyffhaeuserkreis.de\/wp-content\/plugins\/fusion-builder\/\/assets\/images\/masks\/mask-17.svg);--awb-margin-right:15%;--awb-margin-left:15%;--awb-caption-title-font-family:var(--h2_typography-font-family);--awb-caption-title-font-weight:var(--h2_typography-font-weight);--awb-caption-title-font-style:var(--h2_typography-font-style);--awb-caption-title-size:var(--h2_typography-font-size);--awb-caption-title-transform:var(--h2_typography-text-transform);--awb-caption-title-line-height:var(--h2_typography-line-height);--awb-caption-title-letter-spacing:var(--h2_typography-letter-spacing);\"><span class=\" fusion-imageframe imageframe-none imageframe-3 hover-type-zoomin has-mask\"><img decoding=\"async\" width=\"400\" height=\"344\" title=\"Feinbube-400&#215;344\" src=\"https:\/\/heimat-kyffhaeuserkreis.de\/wp-content\/uploads\/2024\/03\/Feinbube-400x344-1.jpg\" alt class=\"img-responsive wp-image-367\" srcset=\"https:\/\/heimat-kyffhaeuserkreis.de\/wp-content\/uploads\/2024\/03\/Feinbube-400x344-1-200x172.jpg 200w, https:\/\/heimat-kyffhaeuserkreis.de\/wp-content\/uploads\/2024\/03\/Feinbube-400x344-1.jpg 400w\" sizes=\"(max-width: 640px) 100vw, 400px\" \/><\/span><\/div><\/div><\/div><div class=\"fusion-layout-column fusion_builder_column fusion-builder-column-5 fusion_builder_column_2_3 2_3 fusion-flex-column\" style=\"--awb-bg-size:cover;--awb-width-large:66.666666666667%;--awb-margin-top-large:0px;--awb-spacing-right-large:2.88%;--awb-margin-bottom-large:20px;--awb-spacing-left-large:2.88%;--awb-width-medium:66.666666666667%;--awb-order-medium:0;--awb-spacing-right-medium:2.88%;--awb-spacing-left-medium:2.88%;--awb-width-small:100%;--awb-order-small:0;--awb-spacing-right-small:1.92%;--awb-spacing-left-small:1.92%;\"><div class=\"fusion-column-wrapper fusion-column-has-shadow fusion-flex-justify-content-flex-start fusion-content-layout-column\"><div class=\"fusion-title title fusion-title-3 fusion-title-text fusion-title-size-one\"><div class=\"title-sep-container title-sep-container-left fusion-no-large-visibility fusion-no-medium-visibility fusion-no-small-visibility\"><div class=\"title-sep sep-double sep-solid\" style=\"border-color:#e2e2e2;\"><\/div><\/div><span class=\"awb-title-spacer fusion-no-large-visibility fusion-no-medium-visibility fusion-no-small-visibility\"><\/span><h1 class=\"fusion-title-heading title-heading-left\" style=\"margin:0;\">Listenplatz 3: DANIEL FEINBUBE<\/h1><span class=\"awb-title-spacer\"><\/span><div class=\"title-sep-container title-sep-container-right\"><div class=\"title-sep sep-double sep-solid\" style=\"border-color:#e2e2e2;\"><\/div><\/div><\/div><div class=\"fusion-text fusion-text-3\"><p>Produktionsarbeiter | Jahrgang 1980<\/p>\n<p>Daniel Feinbube ist seit Jahren Mitglied in der HEIMAT und m\u00f6chte sich nun auch vermehrt f\u00fcr seine Stadt einsetzen. Er w\u00fcrde gern die Wirtschaft st\u00e4rken um Ebeleben auch finanziell auf bessere Beine zu stellen und den Menschen einen ordentlichen Arbeitsmarkt zu sichern.<\/p>\n<\/div><\/div><\/div><\/div><\/div><div class=\"fusion-fullwidth fullwidth-box fusion-builder-row-4 fusion-flex-container has-pattern-background has-mask-background nonhundred-percent-fullwidth non-hundred-percent-height-scrolling\" style=\"--awb-border-radius-top-left:0px;--awb-border-radius-top-right:0px;--awb-border-radius-bottom-right:0px;--awb-border-radius-bottom-left:0px;--awb-flex-wrap:wrap;\" ><div class=\"fusion-builder-row fusion-row fusion-flex-align-items-flex-start fusion-flex-content-wrap\" style=\"max-width:1248px;margin-left: calc(-4% \/ 2 );margin-right: calc(-4% \/ 2 );\"><div class=\"fusion-layout-column fusion_builder_column fusion-builder-column-6 fusion_builder_column_1_1 1_1 fusion-flex-column\" style=\"--awb-bg-size:cover;--awb-width-large:100%;--awb-margin-top-large:0px;--awb-spacing-right-large:1.92%;--awb-margin-bottom-large:20px;--awb-spacing-left-large:1.92%;--awb-width-medium:100%;--awb-order-medium:0;--awb-spacing-right-medium:1.92%;--awb-spacing-left-medium:1.92%;--awb-width-small:100%;--awb-order-small:0;--awb-spacing-right-small:1.92%;--awb-spacing-left-small:1.92%;\"><div class=\"fusion-column-wrapper fusion-column-has-shadow fusion-flex-justify-content-flex-start fusion-content-layout-column\"><div class=\"fusion-title title fusion-title-4 fusion-title-text fusion-title-size-one\"><div class=\"title-sep-container title-sep-container-left fusion-no-large-visibility fusion-no-medium-visibility fusion-no-small-visibility\"><div class=\"title-sep sep-double sep-solid\" style=\"border-color:#e2e2e2;\"><\/div><\/div><span class=\"awb-title-spacer fusion-no-large-visibility fusion-no-medium-visibility fusion-no-small-visibility\"><\/span><h1 class=\"fusion-title-heading title-heading-left\" style=\"margin:0;\">Unsere Kernthemen als Flugblatt<\/h1><span class=\"awb-title-spacer\"><\/span><div class=\"title-sep-container title-sep-container-right\"><div class=\"title-sep sep-double sep-solid\" style=\"border-color:#e2e2e2;\"><\/div><\/div><\/div><\/div><\/div><div class=\"fusion-layout-column fusion_builder_column fusion-builder-column-7 fusion_builder_column_1_1 1_1 fusion-flex-column\" style=\"--awb-bg-size:cover;--awb-width-large:100%;--awb-margin-top-large:0px;--awb-spacing-right-large:1.92%;--awb-margin-bottom-large:20px;--awb-spacing-left-large:1.92%;--awb-width-medium:100%;--awb-order-medium:0;--awb-spacing-right-medium:1.92%;--awb-spacing-left-medium:1.92%;--awb-width-small:100%;--awb-order-small:0;--awb-spacing-right-small:1.92%;--awb-spacing-left-small:1.92%;\"><div class=\"fusion-column-wrapper fusion-column-has-shadow fusion-flex-justify-content-flex-start fusion-content-layout-column\"><div class=\"_df_book df-lite\" id=\"df_580\"  _slug=\"werbeflugblatt-ebeleben\" data-title=\"werbeflugblatt-ebeleben\" wpoptions=\"true\" thumbtype=\"\" ><\/div><script class=\"df-shortcode-script\" nowprocket type=\"application\/javascript\">window.option_df_580 = {\"outline\":[],\"autoEnableOutline\":\"false\",\"autoEnableThumbnail\":\"false\",\"overwritePDFOutline\":\"false\",\"direction\":\"1\",\"pageSize\":\"0\",\"source\":\"https:\\\/\\\/heimat-kyffhaeuserkreis.de\\\/wp-content\\\/uploads\\\/2024\\\/05\\\/Flyer_ebeleben_01_opt.pdf\",\"wpOptions\":\"true\"}; if(window.DFLIP && window.DFLIP.parseBooks){window.DFLIP.parseBooks();}<\/script><\/div><\/div><\/div><\/div><\/p>\n","protected":false},"excerpt":{"rendered":"","protected":false},"author":3,"featured_media":0,"parent":0,"menu_order":0,"comment_status":"closed","ping_status":"closed","template":"","meta":{"footnotes":""},"class_list":["post-364","page","type-page","status-publish","hentry"],"_links":{"self":[{"href":"https:\/\/heimat-kyffhaeuserkreis.de\/index.php\/wp-json\/wp\/v2\/pages\/364","targetHints":{"allow":["GET"]}}],"collection":[{"href":"https:\/\/heimat-kyffhaeuserkreis.de\/index.php\/wp-json\/wp\/v2\/pages"}],"about":[{"href":"https:\/\/heimat-kyffhaeuserkreis.de\/index.php\/wp-json\/wp\/v2\/types\/page"}],"author":[{"embeddable":true,"href":"https:\/\/heimat-kyffhaeuserkreis.de\/index.php\/wp-json\/wp\/v2\/users\/3"}],"replies":[{"embeddable":true,"href":"https:\/\/heimat-kyffhaeuserkreis.de\/index.php\/wp-json\/wp\/v2\/comments?post=364"}],"version-history":[{"count":9,"href":"https:\/\/heimat-kyffhaeuserkreis.de\/index.php\/wp-json\/wp\/v2\/pages\/364\/revisions"}],"predecessor-version":[{"id":585,"href":"https:\/\/heimat-kyffhaeuserkreis.de\/index.php\/wp-json\/wp\/v2\/pages\/364\/revisions\/585"}],"wp:attachment":[{"href":"https:\/\/heimat-kyffhaeuserkreis.de\/index.php\/wp-json\/wp\/v2\/media?parent=364"}],"curies":[{"name":"wp","href":"https:\/\/api.w.org\/{rel}","templated":true}]}}