{"id":292,"date":"2024-03-26T21:12:06","date_gmt":"2024-03-26T20:12:06","guid":{"rendered":"https:\/\/heimat-kyffhaeuserkreis.de\/?page_id=292"},"modified":"2024-04-22T18:53:48","modified_gmt":"2024-04-22T17:53:48","slug":"der-kreisvorstand","status":"publish","type":"page","link":"https:\/\/heimat-kyffhaeuserkreis.de\/index.php\/der-kreisvorstand\/","title":{"rendered":"Der Kreisvorstand"},"content":{"rendered":"<p><div class=\"fusion-fullwidth fullwidth-box fusion-builder-row-1 fusion-flex-container has-pattern-background has-mask-background nonhundred-percent-fullwidth non-hundred-percent-height-scrolling\" style=\"--awb-border-radius-top-left:0px;--awb-border-radius-top-right:0px;--awb-border-radius-bottom-right:0px;--awb-border-radius-bottom-left:0px;--awb-flex-wrap:wrap;\" ><div class=\"fusion-builder-row fusion-row fusion-flex-align-items-flex-start fusion-flex-content-wrap\" style=\"max-width:1248px;margin-left: calc(-4% \/ 2 );margin-right: calc(-4% \/ 2 );\"><div class=\"fusion-layout-column fusion_builder_column fusion-builder-column-0 fusion_builder_column_1_3 1_3 fusion-flex-column\" style=\"--awb-bg-size:cover;--awb-width-large:33.333333333333%;--awb-margin-top-large:0px;--awb-spacing-right-large:5.76%;--awb-margin-bottom-large:20px;--awb-spacing-left-large:5.76%;--awb-width-medium:33.333333333333%;--awb-order-medium:0;--awb-spacing-right-medium:5.76%;--awb-spacing-left-medium:5.76%;--awb-width-small:100%;--awb-order-small:0;--awb-spacing-right-small:1.92%;--awb-spacing-left-small:1.92%;\"><div class=\"fusion-column-wrapper fusion-column-has-shadow fusion-flex-justify-content-flex-start fusion-content-layout-column\"><div class=\"fusion-image-element \" style=\"--awb-mask-url: url(https:\/\/heimat-kyffhaeuserkreis.de\/wp-content\/plugins\/fusion-builder\/\/assets\/images\/masks\/mask-17.svg);--awb-margin-right:15%;--awb-margin-left:15%;--awb-caption-title-font-family:var(--h2_typography-font-family);--awb-caption-title-font-weight:var(--h2_typography-font-weight);--awb-caption-title-font-style:var(--h2_typography-font-style);--awb-caption-title-size:var(--h2_typography-font-size);--awb-caption-title-transform:var(--h2_typography-text-transform);--awb-caption-title-line-height:var(--h2_typography-line-height);--awb-caption-title-letter-spacing:var(--h2_typography-letter-spacing);\"><span class=\" fusion-imageframe imageframe-none imageframe-1 hover-type-zoomin has-mask\"><img decoding=\"async\" width=\"300\" height=\"258\" title=\"Weber-400&#215;344\" src=\"https:\/\/heimat-kyffhaeuserkreis.de\/wp-content\/uploads\/2024\/03\/Weber-400x344-1-300x258.jpg\" alt class=\"img-responsive wp-image-293\" srcset=\"https:\/\/heimat-kyffhaeuserkreis.de\/wp-content\/uploads\/2024\/03\/Weber-400x344-1-200x172.jpg 200w, https:\/\/heimat-kyffhaeuserkreis.de\/wp-content\/uploads\/2024\/03\/Weber-400x344-1.jpg 400w\" sizes=\"(max-width: 640px) 100vw, 300px\" \/><\/span><\/div><\/div><\/div><div class=\"fusion-layout-column fusion_builder_column fusion-builder-column-1 fusion_builder_column_2_3 2_3 fusion-flex-column\" style=\"--awb-bg-size:cover;--awb-width-large:66.666666666667%;--awb-margin-top-large:0px;--awb-spacing-right-large:2.88%;--awb-margin-bottom-large:20px;--awb-spacing-left-large:2.88%;--awb-width-medium:66.666666666667%;--awb-order-medium:0;--awb-spacing-right-medium:2.88%;--awb-spacing-left-medium:2.88%;--awb-width-small:100%;--awb-order-small:0;--awb-spacing-right-small:1.92%;--awb-spacing-left-small:1.92%;\"><div class=\"fusion-column-wrapper fusion-column-has-shadow fusion-flex-justify-content-flex-start fusion-content-layout-column\"><div class=\"fusion-title title fusion-title-1 fusion-title-text fusion-title-size-one\"><div class=\"title-sep-container title-sep-container-left fusion-no-large-visibility fusion-no-medium-visibility fusion-no-small-visibility\"><div class=\"title-sep sep-double sep-solid\" style=\"border-color:#e2e2e2;\"><\/div><\/div><span class=\"awb-title-spacer fusion-no-large-visibility fusion-no-medium-visibility fusion-no-small-visibility\"><\/span><h1 class=\"fusion-title-heading title-heading-left\" style=\"margin:0;\">PATRICK WEBER &#8211; Kreisvorsitzender<\/h1><span class=\"awb-title-spacer\"><\/span><div class=\"title-sep-container title-sep-container-right\"><div class=\"title-sep sep-double sep-solid\" style=\"border-color:#e2e2e2;\"><\/div><\/div><\/div><div class=\"fusion-text fusion-text-1\"><p>Unternehmer | Jahrgang 1983 | Sondershausen<\/p>\n<p>Patrick Weber ist seit 2004 als Unternehmer t\u00e4tig und bereits seit seinem vierzehnten Lebensjahr in patriotischen Kreisen aktiv. Mitglied der HEIMAT ist der geb\u00fcrtige Sondersh\u00e4user seit dem Jahr 2001 und neben seiner Funktion als Kreisvorsitzender ist er Landesschatzmeister der Partei DIE HEIMAT Th\u00fcringen. Seit 2009 ist Weber Mitglied des Kreistages im Kyffh\u00e4userkreis sowie im Stadtrat von Sondershausen.<\/p>\n<p>F\u00fcr Fragen steht Ihnen Patrick Weber unter 0173 \/ 77 02 195 oder per Mail unter\u00a0<a href=\"mailto:info@heimat-kyffhaeuserkreis.de\">info@heimat-kyffhaeuserkreis.de<\/a>\u00a0jederzeit gerne zur Verf\u00fcgung.<\/p>\n<\/div><\/div><\/div><\/div><\/div><div class=\"fusion-fullwidth fullwidth-box fusion-builder-row-2 fusion-flex-container has-pattern-background has-mask-background nonhundred-percent-fullwidth non-hundred-percent-height-scrolling\" style=\"--awb-border-radius-top-left:0px;--awb-border-radius-top-right:0px;--awb-border-radius-bottom-right:0px;--awb-border-radius-bottom-left:0px;--awb-flex-wrap:wrap;\" ><div class=\"fusion-builder-row fusion-row fusion-flex-align-items-flex-start fusion-flex-content-wrap\" style=\"max-width:1248px;margin-left: calc(-4% \/ 2 );margin-right: calc(-4% \/ 2 );\"><div class=\"fusion-layout-column fusion_builder_column fusion-builder-column-2 fusion_builder_column_1_3 1_3 fusion-flex-column\" style=\"--awb-bg-size:cover;--awb-width-large:33.333333333333%;--awb-margin-top-large:0px;--awb-spacing-right-large:5.76%;--awb-margin-bottom-large:20px;--awb-spacing-left-large:5.76%;--awb-width-medium:33.333333333333%;--awb-order-medium:0;--awb-spacing-right-medium:5.76%;--awb-spacing-left-medium:5.76%;--awb-width-small:100%;--awb-order-small:0;--awb-spacing-right-small:1.92%;--awb-spacing-left-small:1.92%;\"><div class=\"fusion-column-wrapper fusion-column-has-shadow fusion-flex-justify-content-flex-start fusion-content-layout-column\"><div class=\"fusion-image-element \" style=\"--awb-mask-url: url(https:\/\/heimat-kyffhaeuserkreis.de\/wp-content\/plugins\/fusion-builder\/\/assets\/images\/masks\/mask-17.svg);--awb-margin-right:15%;--awb-margin-left:15%;--awb-caption-title-font-family:var(--h2_typography-font-family);--awb-caption-title-font-weight:var(--h2_typography-font-weight);--awb-caption-title-font-style:var(--h2_typography-font-style);--awb-caption-title-size:var(--h2_typography-font-size);--awb-caption-title-transform:var(--h2_typography-text-transform);--awb-caption-title-line-height:var(--h2_typography-line-height);--awb-caption-title-letter-spacing:var(--h2_typography-letter-spacing);\"><span class=\" fusion-imageframe imageframe-none imageframe-2 hover-type-zoomin has-mask\"><img decoding=\"async\" width=\"400\" height=\"344\" title=\"Herzog-400&#215;344\" src=\"https:\/\/heimat-kyffhaeuserkreis.de\/wp-content\/uploads\/2024\/03\/Herzog-400x344-1.jpg\" alt class=\"img-responsive wp-image-301\" srcset=\"https:\/\/heimat-kyffhaeuserkreis.de\/wp-content\/uploads\/2024\/03\/Herzog-400x344-1-200x172.jpg 200w, https:\/\/heimat-kyffhaeuserkreis.de\/wp-content\/uploads\/2024\/03\/Herzog-400x344-1.jpg 400w\" sizes=\"(max-width: 640px) 100vw, 400px\" \/><\/span><\/div><\/div><\/div><div class=\"fusion-layout-column fusion_builder_column fusion-builder-column-3 fusion_builder_column_2_3 2_3 fusion-flex-column\" style=\"--awb-bg-size:cover;--awb-width-large:66.666666666667%;--awb-margin-top-large:0px;--awb-spacing-right-large:2.88%;--awb-margin-bottom-large:20px;--awb-spacing-left-large:2.88%;--awb-width-medium:66.666666666667%;--awb-order-medium:0;--awb-spacing-right-medium:2.88%;--awb-spacing-left-medium:2.88%;--awb-width-small:100%;--awb-order-small:0;--awb-spacing-right-small:1.92%;--awb-spacing-left-small:1.92%;\"><div class=\"fusion-column-wrapper fusion-column-has-shadow fusion-flex-justify-content-flex-start fusion-content-layout-column\"><div class=\"fusion-title title fusion-title-2 fusion-title-text fusion-title-size-one\"><div class=\"title-sep-container title-sep-container-left fusion-no-large-visibility fusion-no-medium-visibility fusion-no-small-visibility\"><div class=\"title-sep sep-double sep-solid\" style=\"border-color:#e2e2e2;\"><\/div><\/div><span class=\"awb-title-spacer fusion-no-large-visibility fusion-no-medium-visibility fusion-no-small-visibility\"><\/span><h1 class=\"fusion-title-heading title-heading-left\" style=\"margin:0;\"><p style=\"text-align: left;\">STEFFEN HERZOG &#8211; Stellvertretender Kreisvorsitzender<\/p><\/h1><span class=\"awb-title-spacer\"><\/span><div class=\"title-sep-container title-sep-container-right\"><div class=\"title-sep sep-double sep-solid\" style=\"border-color:#e2e2e2;\"><\/div><\/div><\/div><div class=\"fusion-text fusion-text-2\"><p>Zimmerer | Jahrgang 1975 | Sondershausen<\/p>\n<p>Steffen Herzog ist verheiratet und Vater von f\u00fcnf Kindern. Er ist stellvertretender Kreisvorsitzender des Kreisverbandes Kyffh\u00e4userkreis der Partei DIE HEIMAT und seit \u00fcber drei Jahrzehnten in politisch aktiv. Steffen Herzog ist Mitglied im Stadtrat von Sondershausen.<\/p>\n<\/div><\/div><\/div><\/div><\/div><div class=\"fusion-fullwidth fullwidth-box fusion-builder-row-3 fusion-flex-container has-pattern-background has-mask-background nonhundred-percent-fullwidth non-hundred-percent-height-scrolling\" style=\"--awb-border-radius-top-left:0px;--awb-border-radius-top-right:0px;--awb-border-radius-bottom-right:0px;--awb-border-radius-bottom-left:0px;--awb-flex-wrap:wrap;\" ><div class=\"fusion-builder-row fusion-row fusion-flex-align-items-flex-start fusion-flex-content-wrap\" style=\"max-width:1248px;margin-left: calc(-4% \/ 2 );margin-right: calc(-4% \/ 2 );\"><div class=\"fusion-layout-column fusion_builder_column fusion-builder-column-4 fusion_builder_column_1_3 1_3 fusion-flex-column\" style=\"--awb-bg-size:cover;--awb-width-large:33.333333333333%;--awb-margin-top-large:0px;--awb-spacing-right-large:5.76%;--awb-margin-bottom-large:20px;--awb-spacing-left-large:5.76%;--awb-width-medium:33.333333333333%;--awb-order-medium:0;--awb-spacing-right-medium:5.76%;--awb-spacing-left-medium:5.76%;--awb-width-small:100%;--awb-order-small:0;--awb-spacing-right-small:1.92%;--awb-spacing-left-small:1.92%;\"><div class=\"fusion-column-wrapper fusion-column-has-shadow fusion-flex-justify-content-flex-start fusion-content-layout-column\"><div class=\"fusion-image-element \" style=\"--awb-mask-url: url(https:\/\/heimat-kyffhaeuserkreis.de\/wp-content\/plugins\/fusion-builder\/\/assets\/images\/masks\/mask-17.svg);--awb-margin-right:15%;--awb-margin-left:15%;--awb-caption-title-font-family:var(--h2_typography-font-family);--awb-caption-title-font-weight:var(--h2_typography-font-weight);--awb-caption-title-font-style:var(--h2_typography-font-style);--awb-caption-title-size:var(--h2_typography-font-size);--awb-caption-title-transform:var(--h2_typography-text-transform);--awb-caption-title-line-height:var(--h2_typography-line-height);--awb-caption-title-letter-spacing:var(--h2_typography-letter-spacing);\"><span class=\" fusion-imageframe imageframe-none imageframe-3 hover-type-zoomin has-mask\"><img decoding=\"async\" width=\"400\" height=\"344\" title=\"braeter-400&#215;344\" src=\"https:\/\/heimat-kyffhaeuserkreis.de\/wp-content\/uploads\/2024\/03\/braeter-400x344-1.jpg\" alt class=\"img-responsive wp-image-303\" srcset=\"https:\/\/heimat-kyffhaeuserkreis.de\/wp-content\/uploads\/2024\/03\/braeter-400x344-1-200x172.jpg 200w, https:\/\/heimat-kyffhaeuserkreis.de\/wp-content\/uploads\/2024\/03\/braeter-400x344-1.jpg 400w\" sizes=\"(max-width: 640px) 100vw, 400px\" \/><\/span><\/div><\/div><\/div><div class=\"fusion-layout-column fusion_builder_column fusion-builder-column-5 fusion_builder_column_2_3 2_3 fusion-flex-column\" style=\"--awb-bg-size:cover;--awb-width-large:66.666666666667%;--awb-margin-top-large:0px;--awb-spacing-right-large:2.88%;--awb-margin-bottom-large:20px;--awb-spacing-left-large:2.88%;--awb-width-medium:66.666666666667%;--awb-order-medium:0;--awb-spacing-right-medium:2.88%;--awb-spacing-left-medium:2.88%;--awb-width-small:100%;--awb-order-small:0;--awb-spacing-right-small:1.92%;--awb-spacing-left-small:1.92%;\"><div class=\"fusion-column-wrapper fusion-column-has-shadow fusion-flex-justify-content-flex-start fusion-content-layout-column\"><div class=\"fusion-title title fusion-title-3 fusion-title-text fusion-title-size-one\"><div class=\"title-sep-container title-sep-container-left fusion-no-large-visibility fusion-no-medium-visibility fusion-no-small-visibility\"><div class=\"title-sep sep-double sep-solid\" style=\"border-color:#e2e2e2;\"><\/div><\/div><span class=\"awb-title-spacer fusion-no-large-visibility fusion-no-medium-visibility fusion-no-small-visibility\"><\/span><h1 class=\"fusion-title-heading title-heading-left\" style=\"margin:0;\">CHRISTIAN BR\u00c4TER &#8211; Kreisschatzmeister<\/h1><span class=\"awb-title-spacer\"><\/span><div class=\"title-sep-container title-sep-container-right\"><div class=\"title-sep sep-double sep-solid\" style=\"border-color:#e2e2e2;\"><\/div><\/div><\/div><div class=\"fusion-text fusion-text-3\"><p>Angestellter | Jahrgang 1985 | Artern<\/p>\n<p>Der Arterner Christian Br\u00e4ter ist seit vielen Jahren politisch engagiert und setzt sich nun auch auf kommunalparlamentarischer Ebene, dem Stadtrat von Artern, f\u00fcr die Einwohner seiner Heimatstadt ein. Er ist der Schatzmeister im Kreisverband und somit f\u00fcr die Finanzen zust\u00e4ndig.<\/p>\n<\/div><\/div><\/div><\/div><\/div><div class=\"fusion-fullwidth fullwidth-box fusion-builder-row-4 fusion-flex-container has-pattern-background has-mask-background nonhundred-percent-fullwidth non-hundred-percent-height-scrolling\" style=\"--awb-border-radius-top-left:0px;--awb-border-radius-top-right:0px;--awb-border-radius-bottom-right:0px;--awb-border-radius-bottom-left:0px;--awb-flex-wrap:wrap;\" ><div class=\"fusion-builder-row fusion-row fusion-flex-align-items-flex-start fusion-flex-content-wrap\" style=\"max-width:1248px;margin-left: calc(-4% \/ 2 );margin-right: calc(-4% \/ 2 );\"><div class=\"fusion-layout-column fusion_builder_column fusion-builder-column-6 fusion_builder_column_1_3 1_3 fusion-flex-column\" style=\"--awb-bg-size:cover;--awb-width-large:33.333333333333%;--awb-margin-top-large:0px;--awb-spacing-right-large:5.76%;--awb-margin-bottom-large:20px;--awb-spacing-left-large:5.76%;--awb-width-medium:33.333333333333%;--awb-order-medium:0;--awb-spacing-right-medium:5.76%;--awb-spacing-left-medium:5.76%;--awb-width-small:100%;--awb-order-small:0;--awb-spacing-right-small:1.92%;--awb-spacing-left-small:1.92%;\"><div class=\"fusion-column-wrapper fusion-column-has-shadow fusion-flex-justify-content-flex-start fusion-content-layout-column\"><div class=\"fusion-image-element \" style=\"--awb-mask-url: url(https:\/\/heimat-kyffhaeuserkreis.de\/wp-content\/plugins\/fusion-builder\/\/assets\/images\/masks\/mask-17.svg);--awb-margin-right:15%;--awb-margin-left:15%;--awb-caption-title-font-family:var(--h2_typography-font-family);--awb-caption-title-font-weight:var(--h2_typography-font-weight);--awb-caption-title-font-style:var(--h2_typography-font-style);--awb-caption-title-size:var(--h2_typography-font-size);--awb-caption-title-transform:var(--h2_typography-text-transform);--awb-caption-title-line-height:var(--h2_typography-line-height);--awb-caption-title-letter-spacing:var(--h2_typography-letter-spacing);\"><span class=\" fusion-imageframe imageframe-none imageframe-4 hover-type-zoomin has-mask\"><img decoding=\"async\" width=\"400\" height=\"344\" title=\"kuenne-400&#215;344\" src=\"https:\/\/heimat-kyffhaeuserkreis.de\/wp-content\/uploads\/2024\/03\/kuenne-400x344-1.jpg\" alt class=\"img-responsive wp-image-306\" srcset=\"https:\/\/heimat-kyffhaeuserkreis.de\/wp-content\/uploads\/2024\/03\/kuenne-400x344-1-200x172.jpg 200w, https:\/\/heimat-kyffhaeuserkreis.de\/wp-content\/uploads\/2024\/03\/kuenne-400x344-1.jpg 400w\" sizes=\"(max-width: 640px) 100vw, 400px\" \/><\/span><\/div><\/div><\/div><div class=\"fusion-layout-column fusion_builder_column fusion-builder-column-7 fusion_builder_column_2_3 2_3 fusion-flex-column\" style=\"--awb-bg-size:cover;--awb-width-large:66.666666666667%;--awb-margin-top-large:0px;--awb-spacing-right-large:2.88%;--awb-margin-bottom-large:20px;--awb-spacing-left-large:2.88%;--awb-width-medium:66.666666666667%;--awb-order-medium:0;--awb-spacing-right-medium:2.88%;--awb-spacing-left-medium:2.88%;--awb-width-small:100%;--awb-order-small:0;--awb-spacing-right-small:1.92%;--awb-spacing-left-small:1.92%;\"><div class=\"fusion-column-wrapper fusion-column-has-shadow fusion-flex-justify-content-flex-start fusion-content-layout-column\"><div class=\"fusion-title title fusion-title-4 fusion-title-text fusion-title-size-one\"><div class=\"title-sep-container title-sep-container-left fusion-no-large-visibility fusion-no-medium-visibility fusion-no-small-visibility\"><div class=\"title-sep sep-double sep-solid\" style=\"border-color:#e2e2e2;\"><\/div><\/div><span class=\"awb-title-spacer fusion-no-large-visibility fusion-no-medium-visibility fusion-no-small-visibility\"><\/span><h1 class=\"fusion-title-heading title-heading-left\" style=\"margin:0;\"><p style=\"text-align: left;\">DUSTIN K\u00dcNNE &#8211; Beisitzer im Kreisvorstand<\/p><\/h1><span class=\"awb-title-spacer\"><\/span><div class=\"title-sep-container title-sep-container-right\"><div class=\"title-sep sep-double sep-solid\" style=\"border-color:#e2e2e2;\"><\/div><\/div><\/div><div class=\"fusion-text fusion-text-4\"><p>Unternehmer | Jahrgang 1991 | Schernberg<\/p>\n<p>Dustin K\u00fcnne \u00fcbt im Kreisverband die Funktion des Kreisgesch\u00e4ftsf\u00fchrers aus. Er ist dar\u00fcber hinaus auch f\u00fcr die Mitglieder- und Interessentenbetreuung sowie die Schulungsarbeit im Kreisverband zust\u00e4ndig. Er ist Vater von 3 Kindern.<\/p>\n<\/div><\/div><\/div><\/div><\/div><div class=\"fusion-fullwidth fullwidth-box fusion-builder-row-5 fusion-flex-container has-pattern-background has-mask-background nonhundred-percent-fullwidth non-hundred-percent-height-scrolling\" style=\"--awb-border-radius-top-left:0px;--awb-border-radius-top-right:0px;--awb-border-radius-bottom-right:0px;--awb-border-radius-bottom-left:0px;--awb-flex-wrap:wrap;\" ><div class=\"fusion-builder-row fusion-row fusion-flex-align-items-flex-start fusion-flex-content-wrap\" style=\"max-width:1248px;margin-left: calc(-4% \/ 2 );margin-right: calc(-4% \/ 2 );\"><div class=\"fusion-layout-column fusion_builder_column fusion-builder-column-8 fusion_builder_column_1_3 1_3 fusion-flex-column\" style=\"--awb-bg-size:cover;--awb-width-large:33.333333333333%;--awb-margin-top-large:0px;--awb-spacing-right-large:5.76%;--awb-margin-bottom-large:20px;--awb-spacing-left-large:5.76%;--awb-width-medium:33.333333333333%;--awb-order-medium:0;--awb-spacing-right-medium:5.76%;--awb-spacing-left-medium:5.76%;--awb-width-small:100%;--awb-order-small:0;--awb-spacing-right-small:1.92%;--awb-spacing-left-small:1.92%;\"><div class=\"fusion-column-wrapper fusion-column-has-shadow fusion-flex-justify-content-flex-start fusion-content-layout-column\"><div class=\"fusion-image-element \" style=\"--awb-mask-url: url(https:\/\/heimat-kyffhaeuserkreis.de\/wp-content\/plugins\/fusion-builder\/\/assets\/images\/masks\/mask-17.svg);--awb-margin-right:15%;--awb-margin-left:15%;--awb-caption-title-font-family:var(--h2_typography-font-family);--awb-caption-title-font-weight:var(--h2_typography-font-weight);--awb-caption-title-font-style:var(--h2_typography-font-style);--awb-caption-title-size:var(--h2_typography-font-size);--awb-caption-title-transform:var(--h2_typography-text-transform);--awb-caption-title-line-height:var(--h2_typography-line-height);--awb-caption-title-letter-spacing:var(--h2_typography-letter-spacing);\"><span class=\" fusion-imageframe imageframe-none imageframe-5 hover-type-zoomin has-mask\"><img decoding=\"async\" width=\"400\" height=\"344\" title=\"hentschel-400&#215;344\" src=\"https:\/\/heimat-kyffhaeuserkreis.de\/wp-content\/uploads\/2024\/03\/hentschel-400x344-1.jpg\" alt class=\"img-responsive wp-image-305\" srcset=\"https:\/\/heimat-kyffhaeuserkreis.de\/wp-content\/uploads\/2024\/03\/hentschel-400x344-1-200x172.jpg 200w, https:\/\/heimat-kyffhaeuserkreis.de\/wp-content\/uploads\/2024\/03\/hentschel-400x344-1.jpg 400w\" sizes=\"(max-width: 640px) 100vw, 400px\" \/><\/span><\/div><\/div><\/div><div class=\"fusion-layout-column fusion_builder_column fusion-builder-column-9 fusion_builder_column_2_3 2_3 fusion-flex-column\" style=\"--awb-bg-size:cover;--awb-width-large:66.666666666667%;--awb-margin-top-large:0px;--awb-spacing-right-large:2.88%;--awb-margin-bottom-large:20px;--awb-spacing-left-large:2.88%;--awb-width-medium:66.666666666667%;--awb-order-medium:0;--awb-spacing-right-medium:2.88%;--awb-spacing-left-medium:2.88%;--awb-width-small:100%;--awb-order-small:0;--awb-spacing-right-small:1.92%;--awb-spacing-left-small:1.92%;\"><div class=\"fusion-column-wrapper fusion-column-has-shadow fusion-flex-justify-content-flex-start fusion-content-layout-column\"><div class=\"fusion-title title fusion-title-5 fusion-title-text fusion-title-size-one\"><div class=\"title-sep-container title-sep-container-left fusion-no-large-visibility fusion-no-medium-visibility fusion-no-small-visibility\"><div class=\"title-sep sep-double sep-solid\" style=\"border-color:#e2e2e2;\"><\/div><\/div><span class=\"awb-title-spacer fusion-no-large-visibility fusion-no-medium-visibility fusion-no-small-visibility\"><\/span><h1 class=\"fusion-title-heading title-heading-left\" style=\"margin:0;\"><p style=\"text-align: left;\">MARKUS HENTSCHEL &#8211; Beisitzer im Kreisvorstand<\/p><\/h1><span class=\"awb-title-spacer\"><\/span><div class=\"title-sep-container title-sep-container-right\"><div class=\"title-sep sep-double sep-solid\" style=\"border-color:#e2e2e2;\"><\/div><\/div><\/div><div class=\"fusion-text fusion-text-5\"><p>Angestellter | Jahrgang 1983 | Ebeleben<\/p>\n<p>Markus Hentschel ist der Organisationsleiter im Kreisverband und somit f\u00fcr die Planung und Druchf\u00fchrung von Veranstaltungen, Kampagnen sowie f\u00fcr Infost\u00e4nde und \u00e4hnliches verantwortlich. Hentschel ist seit 2014 Mitglied im Stadtrat von Ebeleben.<\/p>\n<\/div><\/div><\/div><\/div><\/div><\/p>\n","protected":false},"excerpt":{"rendered":"","protected":false},"author":3,"featured_media":0,"parent":0,"menu_order":0,"comment_status":"closed","ping_status":"closed","template":"","meta":{"footnotes":""},"class_list":["post-292","page","type-page","status-publish","hentry"],"_links":{"self":[{"href":"https:\/\/heimat-kyffhaeuserkreis.de\/index.php\/wp-json\/wp\/v2\/pages\/292","targetHints":{"allow":["GET"]}}],"collection":[{"href":"https:\/\/heimat-kyffhaeuserkreis.de\/index.php\/wp-json\/wp\/v2\/pages"}],"about":[{"href":"https:\/\/heimat-kyffhaeuserkreis.de\/index.php\/wp-json\/wp\/v2\/types\/page"}],"author":[{"embeddable":true,"href":"https:\/\/heimat-kyffhaeuserkreis.de\/index.php\/wp-json\/wp\/v2\/users\/3"}],"replies":[{"embeddable":true,"href":"https:\/\/heimat-kyffhaeuserkreis.de\/index.php\/wp-json\/wp\/v2\/comments?post=292"}],"version-history":[{"count":12,"href":"https:\/\/heimat-kyffhaeuserkreis.de\/index.php\/wp-json\/wp\/v2\/pages\/292\/revisions"}],"predecessor-version":[{"id":407,"href":"https:\/\/heimat-kyffhaeuserkreis.de\/index.php\/wp-json\/wp\/v2\/pages\/292\/revisions\/407"}],"wp:attachment":[{"href":"https:\/\/heimat-kyffhaeuserkreis.de\/index.php\/wp-json\/wp\/v2\/media?parent=292"}],"curies":[{"name":"wp","href":"https:\/\/api.w.org\/{rel}","templated":true}]}}